{"id":33,"date":"2016-07-15T21:05:01","date_gmt":"2016-07-15T19:05:01","guid":{"rendered":"http:\/\/www.freunde-stadtbuecherei.de\/wp\/?page_id=33"},"modified":"2021-05-21T20:40:04","modified_gmt":"2021-05-21T18:40:04","slug":"links","status":"publish","type":"page","link":"https:\/\/www.freunde-stadtbuecherei.de\/wp\/?page_id=33","title":{"rendered":"Interessantes"},"content":{"rendered":"<p>Die Freunde der Stadtb\u00fccherei schauen \u00fcber den Tellerrand und lassen Sie zusehen &#8230;<\/p>\n<h3>Sch\u00f6ne\/interessante Bibliotheken weltweit<\/h3>\n<ul>\n<li><a href=\"http:\/\/www.sueddeutsche.de\/kultur\/tag-der-bibliotheken-die-zehn-schoensten-bibliotheken-der-welt-1.3208727\">http:\/\/www.sueddeutsche.de\/kultur\/tag-der-bibliotheken-die-zehn-schoensten-bibliotheken-der-welt-1.3208727<\/a><\/li>\n<li><a href=\"https:\/\/libraryplanet.net\/\">https:\/\/libraryplanet.net\/<\/a><\/li>\n<li><a href=\"http:\/\/www.bibliowelten.de\/\" target=\"_blank\" rel=\"noopener noreferrer\">www.bibliowelten.de<\/a><\/li>\n<\/ul>\n<h3>Neue Bibliotheken in der Region<\/h3>\n<ul>\n<li><a href=\"https:\/\/de.wikipedia.org\/wiki\/Neue_Stadtbibliothek_Heidenheim\">Heidenheim an der Brenz<\/a><\/li>\n<li><a href=\"http:\/\/www.rottenburg.de\/sixcms\/detail.php?id=100104&amp;lnav=70\">Rottenburg am Neckar<\/a><\/li>\n<\/ul>\n<h3>Bibliotheken in der Debatte<\/h3>\n<ul>\n<li><a href=\"https:\/\/www.goethe.de\/de\/kul\/bib\/20437847.html\">Bibliotheksneubauten \u2013 Anker f\u00fcr die Stadtentwicklung<\/a><\/li>\n<li><a href=\"https:\/\/www.tagesschau.de\/inland\/tag-des-buchs-hamburg-101.html?fbclid=IwAR0Edx4gTBSeiLh1U8j9HWKgFxA004nRaUu6K6S1MgBqNTxb4LF6rzv_jGM\">Bibliotheken als &#8222;Wohnzimmer der Stadt&#8220;<\/a><\/li>\n<li><a href=\"https:\/\/www1.wdr.de\/radio\/wdr5\/sendungen\/tagesgespraech\/tg-dreiundzwanzigster-april-102.html\">Die Zukunft der Bibliothek \u2013 mehr als B\u00fccher? (dbv-Bundesvorsitzende Barbara Lison im Interview)<\/a><\/li>\n<li><a href=\"https:\/\/www.swr.de\/swr2\/programm\/sendungen\/journal\/interview-man-trifft-sich-in-der-bibliothek-gespraech-mit-frank-mentrup-praesident-des-deutschen-bibliotheksverbandes\/-\/id=659282\/did=23902260\/nid=659282\/flnuun\/index.html\">Man trifft sich in der Bibliothek \u2013 Gespr\u00e4ch mit Frank Mentrup, Pr\u00e4sident des Deutschen Bibliotheksverbandes<\/a><\/li>\n<li><a href=\"https:\/\/www.faz.net\/aktuell\/beruf-chance\/campus\/der-reiz-der-uni-bib-lernen-und-flirten-16136918.html\">Universit\u00e4tsbibliotheken \u2013 Lernen und flirten<\/a><\/li>\n<li><a href=\"https:\/\/www.sueddeutsche.de\/muenchen\/erding\/welttag-des-buches-das-buch-hat-immer-noch-eine-zukunft-1.4417155\">Das Buch hat immer noch eine Zukunft<\/a><\/li>\n<\/ul>\n","protected":false},"excerpt":{"rendered":"<p>Die Freunde der Stadtb\u00fccherei schauen \u00fcber den Tellerrand und lassen Sie zusehen &#8230; Sch\u00f6ne\/interessante Bibliotheken weltweit http:\/\/www.sueddeutsche.de\/kultur\/tag-der-bibliotheken-die-zehn-schoensten-bibliotheken-der-welt-1.3208727 https:\/\/libraryplanet.net\/ www.bibliowelten.de Neue <a class=\"more-link\" href=\"https:\/\/www.freunde-stadtbuecherei.de\/wp\/?page_id=33\">Weiterlesen\u00a0\u2026<\/a><\/p>\n","protected":false},"author":1,"featured_media":0,"parent":0,"menu_order":0,"comment_status":"closed","ping_status":"closed","template":"","meta":{"footnotes":""},"class_list":["post-33","page","type-page","status-publish","hentry"],"_links":{"self":[{"href":"https:\/\/www.freunde-stadtbuecherei.de\/wp\/index.php?rest_route=\/wp\/v2\/pages\/33","targetHints":{"allow":["GET"]}}],"collection":[{"href":"https:\/\/www.freunde-stadtbuecherei.de\/wp\/index.php?rest_route=\/wp\/v2\/pages"}],"about":[{"href":"https:\/\/www.freunde-stadtbuecherei.de\/wp\/index.php?rest_route=\/wp\/v2\/types\/page"}],"author":[{"embeddable":true,"href":"https:\/\/www.freunde-stadtbuecherei.de\/wp\/index.php?rest_route=\/wp\/v2\/users\/1"}],"replies":[{"embeddable":true,"href":"https:\/\/www.freunde-stadtbuecherei.de\/wp\/index.php?rest_route=%2Fwp%2Fv2%2Fcomments&post=33"}],"version-history":[{"count":10,"href":"https:\/\/www.freunde-stadtbuecherei.de\/wp\/index.php?rest_route=\/wp\/v2\/pages\/33\/revisions"}],"predecessor-version":[{"id":683,"href":"https:\/\/www.freunde-stadtbuecherei.de\/wp\/index.php?rest_route=\/wp\/v2\/pages\/33\/revisions\/683"}],"wp:attachment":[{"href":"https:\/\/www.freunde-stadtbuecherei.de\/wp\/index.php?rest_route=%2Fwp%2Fv2%2Fmedia&parent=33"}],"curies":[{"name":"wp","href":"https:\/\/api.w.org\/{rel}","templated":true}]}}